{"id":8727,"date":"2023-11-21T14:26:06","date_gmt":"2023-11-21T13:26:06","guid":{"rendered":"https:\/\/heimathub.de\/?post_type=tribe_events&#038;p=8727"},"modified":"2023-11-21T14:40:30","modified_gmt":"2023-11-21T13:40:30","slug":"ausstellung-haus-der-ewigkeit-juedische-friedhoefe-im-mitteleuropaeischen-kulturraum-10-11-29-12-2023","status":"publish","type":"tribe_events","link":"https:\/\/heimathub.de\/event\/ausstellung-haus-der-ewigkeit-juedische-friedhoefe-im-mitteleuropaeischen-kulturraum-10-11-29-12-2023\/","title":{"rendered":"Ausstellung &#8222;Haus der Ewigkeit. J\u00fcdische Friedh\u00f6fe im mitteleurop\u00e4ischen Kulturraum&#8220; 10.11.-29.12.2023"},"content":{"rendered":"<h2>Fotodokumentation von Marcel-Th. Jacobs und Klaus Jacobs<\/h2>\n<h2>Sch\u00f6nborner Hof (Stadt- und Stiftsarchiv Aschaffenburg)<\/h2>\n<div dir=\"auto\">\u00d6ffnungszeiten: Montag bis Freitag: 11-16 Uhr; Samstag\/Sonntag, 2.\/3. Dezember: 11-16 Uhr. Feiertags geschlossen. Offene Kuratorenf\u00fchrung am 23. November, 15 Uhr. <strong>Anmeldungen bitte per Mail an <a href=\"mailto:stadtarchiv@aschaffenburg.de\">stadtarchiv@aschaffenburg.de<\/a><\/strong><\/div>\n<div dir=\"auto\"><\/div>\n<div class=\"x11i5rnm xat24cr x1mh8g0r x1vvkbs xtlvy1s x126k92a\">\n<div dir=\"auto\">J\u00fcdische Friedh\u00f6fe z\u00e4hlen neben Synagogen und Mikwaot (Mikwen, rituelle Tauchb\u00e4der) zu den unabdingbaren Einrichtungen von j\u00fcdischen Gemeinden, sie sind damit ein wesentlicher Bestandteil der j\u00fcdischen Alltagskultur. In ihnen spiegelt sich die gro\u00dfe Vielfalt der einstigen j\u00fcdischen Bev\u00f6lkerung und ihr sozialer Status wider: Industrielle, Bankiers, Kaufleute (\u00fcberwiegend aus der Textilwirtschaft), Hoteliers, Handwerker, Landwirte, Politiker, Rechtsanw\u00e4lte, Architekten, Rabbiner, Talmudgelehrte, Philosophen, Publizisten, Verleger, Wissenschaftler, Mediziner, gefallene Soldaten und Offiziere des Ersten Weltkrieges, Schauspieler, Musiker, K\u00fcnstler und Sportler, M\u00e4nner wie Frauen \u2013 hinter jedem Grabstein steht die Biographie eines verstorbenen Menschen.<\/div>\n<\/div>\n<div class=\"x11i5rnm xat24cr x1mh8g0r x1vvkbs xtlvy1s x126k92a\">\n<div dir=\"auto\">Inzwischen wurden im Rahmen des Ausstellungsprojekts bis heute 70 j\u00fcdische Friedh\u00f6fe in <strong>Deutschland, Polen, der Ukraine und der Tschechischen Republik<\/strong> mittels analogen S\/W \u2013 Leica-Fotografien dokumentarisch festgehalten. Nur eine kleine Auswahl kann den Eindruck der l\u00e4ngst vergangenen Sepulkralkultur wiedergeben. Kurze Steckbriefe zu den besuchten Friedh\u00f6fen erl\u00e4utern die \u00f6rtlichen Gegebenheiten und beleuchten exemplarisch einige Biographien der dort Bestatteten. Der R\u00fcckblick auf die Geschichte der jeweiligen j\u00fcdischen Gemeinden und ihrer letzten Ruhest\u00e4tten macht das Ausma\u00df der Ausl\u00f6schung j\u00fcdischen Lebens und Wirkens in allen vier L\u00e4ndern deutlich.<\/div>\n<div dir=\"auto\"><\/div>\n<div dir=\"auto\">Foto: J\u00fcdischer Friedhof Czernowitz, Ukraine.<\/div>\n<div dir=\"auto\">Publikation mit weiteren Informationen:\u00a0 \u201eHaus der Ewigkeit. J\u00fcdische Friedh\u00f6fe im mitteleurop\u00e4ischen Kulturraum\u201c, 2022, Verlag Hentrich &amp; Hentrich Berlin\/Leipzig<\/div>\n<\/div>\n","protected":false},"excerpt":{"rendered":"<p>Fotodokumentation von Marcel-Th. Jacobs und Klaus Jacobs Sch\u00f6nborner Hof (Stadt- und Stiftsarchiv Aschaffenburg) \u00d6ffnungszeiten: Montag bis Freitag: 11-16 Uhr; Samstag\/Sonntag, 2.\/3. Dezember: 11-16 Uhr. Feiertags geschlossen. Offene Kuratorenf\u00fchrung am 23. [&hellip;]<\/p>\n","protected":false},"author":14,"featured_media":8728,"template":"","meta":{"_acf_changed":false,"_price":"","_stock":"","_tribe_ticket_header":"","_tribe_default_ticket_provider":"","_tribe_ticket_capacity":"0","_ticket_start_date":"","_ticket_end_date":"","_tribe_ticket_show_description":"","_tribe_ticket_show_not_going":false,"_tribe_ticket_use_global_stock":"","_tribe_ticket_global_stock_level":"","_global_stock_mode":"","_global_stock_cap":"","_tribe_rsvp_for_event":"","_tribe_ticket_going_count":"","_tribe_ticket_not_going_count":"","_tribe_tickets_list":"[]","_tribe_ticket_has_attendee_info_fields":false,"_tribe_events_status":"","_tribe_events_status_reason":"","footnotes":"","_tec_slr_enabled":"","_tec_slr_layout":""},"tags":[209,452],"tribe_events_cat":[266],"class_list":["post-8727","tribe_events","type-tribe_events","status-publish","has-post-thumbnail","hentry","tag-juedische-geschichte","tag-friedhof","tribe_events_cat-ausstellung","cat_ausstellung"],"acf":[],"yoast_head":"<!-- This site is optimized with the Yoast SEO plugin v27.4 - https:\/\/yoast.com\/product\/yoast-seo-wordpress\/ -->\n<title>Ausstellung &quot;Haus der Ewigkeit. J\u00fcdische Friedh\u00f6fe im mitteleurop\u00e4ischen Kulturraum&quot; 10.11.-29.12.2023 - heimat:hub<\/title>\n<meta name=\"robots\" content=\"index, follow, max-snippet:-1, max-image-preview:large, max-video-preview:-1\" \/>\n<link rel=\"canonical\" href=\"https:\/\/heimathub.de\/event\/ausstellung-haus-der-ewigkeit-juedische-friedhoefe-im-mitteleuropaeischen-kulturraum-10-11-29-12-2023\/\" \/>\n<meta property=\"og:locale\" content=\"de_DE\" \/>\n<meta property=\"og:type\" content=\"article\" \/>\n<meta property=\"og:title\" content=\"Ausstellung &quot;Haus der Ewigkeit. J\u00fcdische Friedh\u00f6fe im mitteleurop\u00e4ischen Kulturraum&quot; 10.11.-29.12.2023 - heimat:hub\" \/>\n<meta property=\"og:description\" content=\"Fotodokumentation von Marcel-Th. Jacobs und Klaus Jacobs Sch\u00f6nborner Hof (Stadt- und Stiftsarchiv Aschaffenburg) \u00d6ffnungszeiten: Montag bis Freitag: 11-16 Uhr; Samstag\/Sonntag, 2.\/3. Dezember: 11-16 Uhr. Feiertags geschlossen. Offene Kuratorenf\u00fchrung am 23. [&hellip;]\" \/>\n<meta property=\"og:url\" content=\"https:\/\/heimathub.de\/event\/ausstellung-haus-der-ewigkeit-juedische-friedhoefe-im-mitteleuropaeischen-kulturraum-10-11-29-12-2023\/\" \/>\n<meta property=\"og:site_name\" content=\"heimat:hub\" \/>\n<meta property=\"article:modified_time\" content=\"2023-11-21T13:40:30+00:00\" \/>\n<meta property=\"og:image\" content=\"https:\/\/heimathub.de\/wp-content\/uploads\/2023\/11\/Pressefoto_Czernowitz-02-scaled.jpg\" \/>\n\t<meta property=\"og:image:width\" content=\"2560\" \/>\n\t<meta property=\"og:image:height\" content=\"1802\" \/>\n\t<meta property=\"og:image:type\" content=\"image\/jpeg\" \/>\n<meta name=\"twitter:card\" content=\"summary_large_image\" \/>\n<meta name=\"twitter:label1\" content=\"Gesch\u00e4tzte Lesezeit\" \/>\n\t<meta name=\"twitter:data1\" content=\"2\u00a0Minuten\" \/>\n<script type=\"application\/ld+json\" class=\"yoast-schema-graph\">{\"@context\":\"https:\\\/\\\/schema.org\",\"@graph\":[{\"@type\":\"WebPage\",\"@id\":\"https:\\\/\\\/heimathub.de\\\/event\\\/ausstellung-haus-der-ewigkeit-juedische-friedhoefe-im-mitteleuropaeischen-kulturraum-10-11-29-12-2023\\\/\",\"url\":\"https:\\\/\\\/heimathub.de\\\/event\\\/ausstellung-haus-der-ewigkeit-juedische-friedhoefe-im-mitteleuropaeischen-kulturraum-10-11-29-12-2023\\\/\",\"name\":\"Ausstellung \\\"Haus der Ewigkeit. J\u00fcdische Friedh\u00f6fe im mitteleurop\u00e4ischen Kulturraum\\\" 10.11.-29.12.2023 - heimat:hub\",\"isPartOf\":{\"@id\":\"https:\\\/\\\/heimathub.de\\\/#website\"},\"primaryImageOfPage\":{\"@id\":\"https:\\\/\\\/heimathub.de\\\/event\\\/ausstellung-haus-der-ewigkeit-juedische-friedhoefe-im-mitteleuropaeischen-kulturraum-10-11-29-12-2023\\\/#primaryimage\"},\"image\":{\"@id\":\"https:\\\/\\\/heimathub.de\\\/event\\\/ausstellung-haus-der-ewigkeit-juedische-friedhoefe-im-mitteleuropaeischen-kulturraum-10-11-29-12-2023\\\/#primaryimage\"},\"thumbnailUrl\":\"https:\\\/\\\/heimathub.de\\\/wp-content\\\/uploads\\\/2023\\\/11\\\/Pressefoto_Czernowitz-02-scaled.jpg\",\"datePublished\":\"2023-11-21T13:26:06+00:00\",\"dateModified\":\"2023-11-21T13:40:30+00:00\",\"breadcrumb\":{\"@id\":\"https:\\\/\\\/heimathub.de\\\/event\\\/ausstellung-haus-der-ewigkeit-juedische-friedhoefe-im-mitteleuropaeischen-kulturraum-10-11-29-12-2023\\\/#breadcrumb\"},\"inLanguage\":\"de\",\"potentialAction\":[{\"@type\":\"ReadAction\",\"target\":[\"https:\\\/\\\/heimathub.de\\\/event\\\/ausstellung-haus-der-ewigkeit-juedische-friedhoefe-im-mitteleuropaeischen-kulturraum-10-11-29-12-2023\\\/\"]}]},{\"@type\":\"ImageObject\",\"inLanguage\":\"de\",\"@id\":\"https:\\\/\\\/heimathub.de\\\/event\\\/ausstellung-haus-der-ewigkeit-juedische-friedhoefe-im-mitteleuropaeischen-kulturraum-10-11-29-12-2023\\\/#primaryimage\",\"url\":\"https:\\\/\\\/heimathub.de\\\/wp-content\\\/uploads\\\/2023\\\/11\\\/Pressefoto_Czernowitz-02-scaled.jpg\",\"contentUrl\":\"https:\\\/\\\/heimathub.de\\\/wp-content\\\/uploads\\\/2023\\\/11\\\/Pressefoto_Czernowitz-02-scaled.jpg\",\"width\":2560,\"height\":1802},{\"@type\":\"BreadcrumbList\",\"@id\":\"https:\\\/\\\/heimathub.de\\\/event\\\/ausstellung-haus-der-ewigkeit-juedische-friedhoefe-im-mitteleuropaeischen-kulturraum-10-11-29-12-2023\\\/#breadcrumb\",\"itemListElement\":[{\"@type\":\"ListItem\",\"position\":1,\"name\":\"Startseite\",\"item\":\"https:\\\/\\\/heimathub.de\\\/\"},{\"@type\":\"ListItem\",\"position\":2,\"name\":\"Veranstaltungen\",\"item\":\"https:\\\/\\\/heimathub.de\\\/events\\\/\"},{\"@type\":\"ListItem\",\"position\":3,\"name\":\"Ausstellung &#8222;Haus der Ewigkeit. J\u00fcdische Friedh\u00f6fe im mitteleurop\u00e4ischen Kulturraum&#8220; 10.11.-29.12.2023\"}]},{\"@type\":\"WebSite\",\"@id\":\"https:\\\/\\\/heimathub.de\\\/#website\",\"url\":\"https:\\\/\\\/heimathub.de\\\/\",\"name\":\"heimat:hub\",\"description\":\"\",\"potentialAction\":[{\"@type\":\"SearchAction\",\"target\":{\"@type\":\"EntryPoint\",\"urlTemplate\":\"https:\\\/\\\/heimathub.de\\\/?s={search_term_string}\"},\"query-input\":{\"@type\":\"PropertyValueSpecification\",\"valueRequired\":true,\"valueName\":\"search_term_string\"}}],\"inLanguage\":\"de\"}]}<\/script>\n<!-- \/ Yoast SEO plugin. -->","yoast_head_json":{"title":"Ausstellung \"Haus der Ewigkeit. J\u00fcdische Friedh\u00f6fe im mitteleurop\u00e4ischen Kulturraum\" 10.11.-29.12.2023 - heimat:hub","robots":{"index":"index","follow":"follow","max-snippet":"max-snippet:-1","max-image-preview":"max-image-preview:large","max-video-preview":"max-video-preview:-1"},"canonical":"https:\/\/heimathub.de\/event\/ausstellung-haus-der-ewigkeit-juedische-friedhoefe-im-mitteleuropaeischen-kulturraum-10-11-29-12-2023\/","og_locale":"de_DE","og_type":"article","og_title":"Ausstellung \"Haus der Ewigkeit. J\u00fcdische Friedh\u00f6fe im mitteleurop\u00e4ischen Kulturraum\" 10.11.-29.12.2023 - heimat:hub","og_description":"Fotodokumentation von Marcel-Th. Jacobs und Klaus Jacobs Sch\u00f6nborner Hof (Stadt- und Stiftsarchiv Aschaffenburg) \u00d6ffnungszeiten: Montag bis Freitag: 11-16 Uhr; Samstag\/Sonntag, 2.\/3. Dezember: 11-16 Uhr. Feiertags geschlossen. Offene Kuratorenf\u00fchrung am 23. [&hellip;]","og_url":"https:\/\/heimathub.de\/event\/ausstellung-haus-der-ewigkeit-juedische-friedhoefe-im-mitteleuropaeischen-kulturraum-10-11-29-12-2023\/","og_site_name":"heimat:hub","article_modified_time":"2023-11-21T13:40:30+00:00","og_image":[{"width":2560,"height":1802,"url":"https:\/\/heimathub.de\/wp-content\/uploads\/2023\/11\/Pressefoto_Czernowitz-02-scaled.jpg","type":"image\/jpeg"}],"twitter_card":"summary_large_image","twitter_misc":{"Gesch\u00e4tzte Lesezeit":"2\u00a0Minuten"},"schema":{"@context":"https:\/\/schema.org","@graph":[{"@type":"WebPage","@id":"https:\/\/heimathub.de\/event\/ausstellung-haus-der-ewigkeit-juedische-friedhoefe-im-mitteleuropaeischen-kulturraum-10-11-29-12-2023\/","url":"https:\/\/heimathub.de\/event\/ausstellung-haus-der-ewigkeit-juedische-friedhoefe-im-mitteleuropaeischen-kulturraum-10-11-29-12-2023\/","name":"Ausstellung \"Haus der Ewigkeit. J\u00fcdische Friedh\u00f6fe im mitteleurop\u00e4ischen Kulturraum\" 10.11.-29.12.2023 - heimat:hub","isPartOf":{"@id":"https:\/\/heimathub.de\/#website"},"primaryImageOfPage":{"@id":"https:\/\/heimathub.de\/event\/ausstellung-haus-der-ewigkeit-juedische-friedhoefe-im-mitteleuropaeischen-kulturraum-10-11-29-12-2023\/#primaryimage"},"image":{"@id":"https:\/\/heimathub.de\/event\/ausstellung-haus-der-ewigkeit-juedische-friedhoefe-im-mitteleuropaeischen-kulturraum-10-11-29-12-2023\/#primaryimage"},"thumbnailUrl":"https:\/\/heimathub.de\/wp-content\/uploads\/2023\/11\/Pressefoto_Czernowitz-02-scaled.jpg","datePublished":"2023-11-21T13:26:06+00:00","dateModified":"2023-11-21T13:40:30+00:00","breadcrumb":{"@id":"https:\/\/heimathub.de\/event\/ausstellung-haus-der-ewigkeit-juedische-friedhoefe-im-mitteleuropaeischen-kulturraum-10-11-29-12-2023\/#breadcrumb"},"inLanguage":"de","potentialAction":[{"@type":"ReadAction","target":["https:\/\/heimathub.de\/event\/ausstellung-haus-der-ewigkeit-juedische-friedhoefe-im-mitteleuropaeischen-kulturraum-10-11-29-12-2023\/"]}]},{"@type":"ImageObject","inLanguage":"de","@id":"https:\/\/heimathub.de\/event\/ausstellung-haus-der-ewigkeit-juedische-friedhoefe-im-mitteleuropaeischen-kulturraum-10-11-29-12-2023\/#primaryimage","url":"https:\/\/heimathub.de\/wp-content\/uploads\/2023\/11\/Pressefoto_Czernowitz-02-scaled.jpg","contentUrl":"https:\/\/heimathub.de\/wp-content\/uploads\/2023\/11\/Pressefoto_Czernowitz-02-scaled.jpg","width":2560,"height":1802},{"@type":"BreadcrumbList","@id":"https:\/\/heimathub.de\/event\/ausstellung-haus-der-ewigkeit-juedische-friedhoefe-im-mitteleuropaeischen-kulturraum-10-11-29-12-2023\/#breadcrumb","itemListElement":[{"@type":"ListItem","position":1,"name":"Startseite","item":"https:\/\/heimathub.de\/"},{"@type":"ListItem","position":2,"name":"Veranstaltungen","item":"https:\/\/heimathub.de\/events\/"},{"@type":"ListItem","position":3,"name":"Ausstellung &#8222;Haus der Ewigkeit. J\u00fcdische Friedh\u00f6fe im mitteleurop\u00e4ischen Kulturraum&#8220; 10.11.-29.12.2023"}]},{"@type":"WebSite","@id":"https:\/\/heimathub.de\/#website","url":"https:\/\/heimathub.de\/","name":"heimat:hub","description":"","potentialAction":[{"@type":"SearchAction","target":{"@type":"EntryPoint","urlTemplate":"https:\/\/heimathub.de\/?s={search_term_string}"},"query-input":{"@type":"PropertyValueSpecification","valueRequired":true,"valueName":"search_term_string"}}],"inLanguage":"de"}]}},"ticketed":false,"_links":{"self":[{"href":"https:\/\/heimathub.de\/data\/wp\/v2\/tribe_events\/8727","targetHints":{"allow":["GET"]}}],"collection":[{"href":"https:\/\/heimathub.de\/data\/wp\/v2\/tribe_events"}],"about":[{"href":"https:\/\/heimathub.de\/data\/wp\/v2\/types\/tribe_events"}],"author":[{"embeddable":true,"href":"https:\/\/heimathub.de\/data\/wp\/v2\/users\/14"}],"version-history":[{"count":1,"href":"https:\/\/heimathub.de\/data\/wp\/v2\/tribe_events\/8727\/revisions"}],"predecessor-version":[{"id":8729,"href":"https:\/\/heimathub.de\/data\/wp\/v2\/tribe_events\/8727\/revisions\/8729"}],"wp:featuredmedia":[{"embeddable":true,"href":"https:\/\/heimathub.de\/data\/wp\/v2\/media\/8728"}],"wp:attachment":[{"href":"https:\/\/heimathub.de\/data\/wp\/v2\/media?parent=8727"}],"wp:term":[{"taxonomy":"post_tag","embeddable":true,"href":"https:\/\/heimathub.de\/data\/wp\/v2\/tags?post=8727"},{"taxonomy":"tribe_events_cat","embeddable":true,"href":"https:\/\/heimathub.de\/data\/wp\/v2\/tribe_events_cat?post=8727"}],"curies":[{"name":"wp","href":"https:\/\/api.w.org\/{rel}","templated":true}]}}