{"id":18146,"date":"2025-05-02T09:53:44","date_gmt":"2025-05-02T07:53:44","guid":{"rendered":"https:\/\/heimathub.de\/?post_type=tribe_events&#038;p=18146"},"modified":"2025-05-02T10:32:02","modified_gmt":"2025-05-02T08:32:02","slug":"schnittstelle-kahlgrund-buchvorstellung-vortrag","status":"publish","type":"tribe_events","link":"https:\/\/heimathub.de\/event\/schnittstelle-kahlgrund-buchvorstellung-vortrag\/","title":{"rendered":"&#8222;Schnittstelle Kahlgrund&#8220; Buchvorstellung &#038; Vortrag"},"content":{"rendered":"<p>In den Jahren 2017 und 2019 wurden an den beiden Burgruinen \u201eHauenstein\u201c und \u201eM\u00f6mbris\u201c arch\u00e4ologische Grabungen gemacht. Angesto\u00dfen und vor Ort organisiert vom Kulturlandschaft Kahlgrund e.V. und unterst\u00fctzt vom Markt M\u00f6mbris, konnten unter fachlicher Leitung von Harald Rosmanitz und dem Team des Arch\u00e4ologischen Spessartprojektes neue Erkenntnisse zur regionalen Geschichte dieser beiden Burgen gewonnen werden. Damit sollte das Thema aber nicht beendet werden.<\/p>\n<p>Angesto\u00dfen durch den damaligen Vereinsvorsitzenden Hermann Josef Bender wurde die Historikerin Dr. Lina Schr\u00f6der beauftragt, diese Erkenntnisse und die vielen weiteren Quellen zu den hiesigen Burgen und dem damit verbundenen regionalen politischen Geschehen in einem \u00dcberblickswerk zusammenzutragen und so den aktuellen Forschungsstand in einer Monografie zu ver\u00f6ffentlichen. Mit dem Buch \u201eSchnittstelle Kahlgrund \u2013 Ein Grenzraum ohne Grenzen als B\u00fchne sp\u00e4tmittelalterlicher Reichs-, Regional- und Landespolitik\u201c wurde die interessante Arbeit im Herbst 2024 beim Geschichts- und Kunstverein Aschaffenburg ver\u00f6ffentlicht. Der Markt M\u00f6mbris und der Kulturlandschaft Kahlgrund e.V. erm\u00f6glichten mit ihrem Engagement diese Forschungsarbeit und laden Sie, gemeinsam mit dem Heimat- und Geschichtsverein M\u00f6mbris und allen weiteren Akteuren zu dem Vortrag von Lina Schr\u00f6der ein. Das Buch ist an dem Abend vor Ort zu erwerben. Au\u00dferdem ist es \u00fcber den Buchhandel und die Homepage des Geschichts- und Kunstvereins Aschaffenburg zu beziehen.<\/p>\n<p><img loading=\"lazy\" decoding=\"async\" class=\"wp-image-18147 size-large alignnone\" src=\"https:\/\/heimathub.de\/wp-content\/uploads\/2025\/05\/4Vortrag-Lina-Schroeder-732x1024.jpg\" alt=\"\" width=\"640\" height=\"895\" srcset=\"https:\/\/heimathub.de\/wp-content\/uploads\/2025\/05\/4Vortrag-Lina-Schroeder-732x1024.jpg 732w, https:\/\/heimathub.de\/wp-content\/uploads\/2025\/05\/4Vortrag-Lina-Schroeder-572x800.jpg 572w, https:\/\/heimathub.de\/wp-content\/uploads\/2025\/05\/4Vortrag-Lina-Schroeder-768x1075.jpg 768w, https:\/\/heimathub.de\/wp-content\/uploads\/2025\/05\/4Vortrag-Lina-Schroeder-772x1080.jpg 772w, https:\/\/heimathub.de\/wp-content\/uploads\/2025\/05\/4Vortrag-Lina-Schroeder-549x768.jpg 549w, https:\/\/heimathub.de\/wp-content\/uploads\/2025\/05\/4Vortrag-Lina-Schroeder-412x576.jpg 412w, https:\/\/heimathub.de\/wp-content\/uploads\/2025\/05\/4Vortrag-Lina-Schroeder-600x840.jpg 600w, https:\/\/heimathub.de\/wp-content\/uploads\/2025\/05\/4Vortrag-Lina-Schroeder.jpg 886w\" sizes=\"auto, (max-width: 640px) 100vw, 640px\" \/><\/p>\n","protected":false},"excerpt":{"rendered":"<p>In den Jahren 2017 und 2019 wurden an den beiden Burgruinen \u201eHauenstein\u201c und \u201eM\u00f6mbris\u201c arch\u00e4ologische Grabungen gemacht. Angesto\u00dfen und vor Ort organisiert vom Kulturlandschaft Kahlgrund e.V. und unterst\u00fctzt vom Markt [&hellip;]<\/p>\n","protected":false},"author":21,"featured_media":18148,"template":"","meta":{"_acf_changed":false,"_price":"","_stock":"","_tribe_ticket_header":"","_tribe_default_ticket_provider":"","_tribe_ticket_capacity":"0","_ticket_start_date":"","_ticket_end_date":"","_tribe_ticket_show_description":"","_tribe_ticket_show_not_going":false,"_tribe_ticket_use_global_stock":"","_tribe_ticket_global_stock_level":"","_global_stock_mode":"","_global_stock_cap":"","_tribe_rsvp_for_event":"","_tribe_ticket_going_count":"","_tribe_ticket_not_going_count":"","_tribe_tickets_list":"[]","_tribe_ticket_has_attendee_info_fields":false,"_tribe_events_status":"","_tribe_events_status_reason":"","footnotes":"","_tec_slr_enabled":"","_tec_slr_layout":""},"tags":[],"tribe_events_cat":[12],"class_list":["post-18146","tribe_events","type-tribe_events","status-publish","has-post-thumbnail","hentry","tribe_events_cat-vortrag","cat_vortrag"],"acf":[],"yoast_head":"<!-- This site is optimized with the Yoast SEO plugin v27.4 - https:\/\/yoast.com\/product\/yoast-seo-wordpress\/ -->\n<title>&quot;Schnittstelle Kahlgrund&quot; Buchvorstellung &amp; Vortrag - heimat:hub<\/title>\n<meta name=\"robots\" content=\"index, follow, max-snippet:-1, max-image-preview:large, max-video-preview:-1\" \/>\n<link rel=\"canonical\" href=\"https:\/\/heimathub.de\/event\/schnittstelle-kahlgrund-buchvorstellung-vortrag\/\" \/>\n<meta property=\"og:locale\" content=\"de_DE\" \/>\n<meta property=\"og:type\" content=\"article\" \/>\n<meta property=\"og:title\" content=\"&quot;Schnittstelle Kahlgrund&quot; Buchvorstellung &amp; Vortrag - heimat:hub\" \/>\n<meta property=\"og:description\" content=\"In den Jahren 2017 und 2019 wurden an den beiden Burgruinen \u201eHauenstein\u201c und \u201eM\u00f6mbris\u201c arch\u00e4ologische Grabungen gemacht. Angesto\u00dfen und vor Ort organisiert vom Kulturlandschaft Kahlgrund e.V. und unterst\u00fctzt vom Markt [&hellip;]\" \/>\n<meta property=\"og:url\" content=\"https:\/\/heimathub.de\/event\/schnittstelle-kahlgrund-buchvorstellung-vortrag\/\" \/>\n<meta property=\"og:site_name\" content=\"heimat:hub\" \/>\n<meta property=\"article:modified_time\" content=\"2025-05-02T08:32:02+00:00\" \/>\n<meta property=\"og:image\" content=\"https:\/\/heimathub.de\/wp-content\/uploads\/2025\/05\/4Vortrag-Lina-Schroeder-Beitragsbild.jpg\" \/>\n\t<meta property=\"og:image:width\" content=\"794\" \/>\n\t<meta property=\"og:image:height\" content=\"795\" \/>\n\t<meta property=\"og:image:type\" content=\"image\/jpeg\" \/>\n<meta name=\"twitter:card\" content=\"summary_large_image\" \/>\n<meta name=\"twitter:label1\" content=\"Gesch\u00e4tzte Lesezeit\" \/>\n\t<meta name=\"twitter:data1\" content=\"2\u00a0Minuten\" \/>\n<script type=\"application\/ld+json\" class=\"yoast-schema-graph\">{\"@context\":\"https:\\\/\\\/schema.org\",\"@graph\":[{\"@type\":\"WebPage\",\"@id\":\"https:\\\/\\\/heimathub.de\\\/event\\\/schnittstelle-kahlgrund-buchvorstellung-vortrag\\\/\",\"url\":\"https:\\\/\\\/heimathub.de\\\/event\\\/schnittstelle-kahlgrund-buchvorstellung-vortrag\\\/\",\"name\":\"\\\"Schnittstelle Kahlgrund\\\" Buchvorstellung & Vortrag - heimat:hub\",\"isPartOf\":{\"@id\":\"https:\\\/\\\/heimathub.de\\\/#website\"},\"primaryImageOfPage\":{\"@id\":\"https:\\\/\\\/heimathub.de\\\/event\\\/schnittstelle-kahlgrund-buchvorstellung-vortrag\\\/#primaryimage\"},\"image\":{\"@id\":\"https:\\\/\\\/heimathub.de\\\/event\\\/schnittstelle-kahlgrund-buchvorstellung-vortrag\\\/#primaryimage\"},\"thumbnailUrl\":\"https:\\\/\\\/heimathub.de\\\/wp-content\\\/uploads\\\/2025\\\/05\\\/4Vortrag-Lina-Schroeder-Beitragsbild.jpg\",\"datePublished\":\"2025-05-02T07:53:44+00:00\",\"dateModified\":\"2025-05-02T08:32:02+00:00\",\"breadcrumb\":{\"@id\":\"https:\\\/\\\/heimathub.de\\\/event\\\/schnittstelle-kahlgrund-buchvorstellung-vortrag\\\/#breadcrumb\"},\"inLanguage\":\"de\",\"potentialAction\":[{\"@type\":\"ReadAction\",\"target\":[\"https:\\\/\\\/heimathub.de\\\/event\\\/schnittstelle-kahlgrund-buchvorstellung-vortrag\\\/\"]}]},{\"@type\":\"ImageObject\",\"inLanguage\":\"de\",\"@id\":\"https:\\\/\\\/heimathub.de\\\/event\\\/schnittstelle-kahlgrund-buchvorstellung-vortrag\\\/#primaryimage\",\"url\":\"https:\\\/\\\/heimathub.de\\\/wp-content\\\/uploads\\\/2025\\\/05\\\/4Vortrag-Lina-Schroeder-Beitragsbild.jpg\",\"contentUrl\":\"https:\\\/\\\/heimathub.de\\\/wp-content\\\/uploads\\\/2025\\\/05\\\/4Vortrag-Lina-Schroeder-Beitragsbild.jpg\",\"width\":794,\"height\":795},{\"@type\":\"BreadcrumbList\",\"@id\":\"https:\\\/\\\/heimathub.de\\\/event\\\/schnittstelle-kahlgrund-buchvorstellung-vortrag\\\/#breadcrumb\",\"itemListElement\":[{\"@type\":\"ListItem\",\"position\":1,\"name\":\"Startseite\",\"item\":\"https:\\\/\\\/heimathub.de\\\/\"},{\"@type\":\"ListItem\",\"position\":2,\"name\":\"Veranstaltungen\",\"item\":\"https:\\\/\\\/heimathub.de\\\/events\\\/\"},{\"@type\":\"ListItem\",\"position\":3,\"name\":\"&#8222;Schnittstelle Kahlgrund&#8220; Buchvorstellung &#038; Vortrag\"}]},{\"@type\":\"WebSite\",\"@id\":\"https:\\\/\\\/heimathub.de\\\/#website\",\"url\":\"https:\\\/\\\/heimathub.de\\\/\",\"name\":\"heimat:hub\",\"description\":\"\",\"potentialAction\":[{\"@type\":\"SearchAction\",\"target\":{\"@type\":\"EntryPoint\",\"urlTemplate\":\"https:\\\/\\\/heimathub.de\\\/?s={search_term_string}\"},\"query-input\":{\"@type\":\"PropertyValueSpecification\",\"valueRequired\":true,\"valueName\":\"search_term_string\"}}],\"inLanguage\":\"de\"}]}<\/script>\n<!-- \/ Yoast SEO plugin. -->","yoast_head_json":{"title":"\"Schnittstelle Kahlgrund\" Buchvorstellung & Vortrag - heimat:hub","robots":{"index":"index","follow":"follow","max-snippet":"max-snippet:-1","max-image-preview":"max-image-preview:large","max-video-preview":"max-video-preview:-1"},"canonical":"https:\/\/heimathub.de\/event\/schnittstelle-kahlgrund-buchvorstellung-vortrag\/","og_locale":"de_DE","og_type":"article","og_title":"\"Schnittstelle Kahlgrund\" Buchvorstellung & Vortrag - heimat:hub","og_description":"In den Jahren 2017 und 2019 wurden an den beiden Burgruinen \u201eHauenstein\u201c und \u201eM\u00f6mbris\u201c arch\u00e4ologische Grabungen gemacht. Angesto\u00dfen und vor Ort organisiert vom Kulturlandschaft Kahlgrund e.V. und unterst\u00fctzt vom Markt [&hellip;]","og_url":"https:\/\/heimathub.de\/event\/schnittstelle-kahlgrund-buchvorstellung-vortrag\/","og_site_name":"heimat:hub","article_modified_time":"2025-05-02T08:32:02+00:00","og_image":[{"width":794,"height":795,"url":"https:\/\/heimathub.de\/wp-content\/uploads\/2025\/05\/4Vortrag-Lina-Schroeder-Beitragsbild.jpg","type":"image\/jpeg"}],"twitter_card":"summary_large_image","twitter_misc":{"Gesch\u00e4tzte Lesezeit":"2\u00a0Minuten"},"schema":{"@context":"https:\/\/schema.org","@graph":[{"@type":"WebPage","@id":"https:\/\/heimathub.de\/event\/schnittstelle-kahlgrund-buchvorstellung-vortrag\/","url":"https:\/\/heimathub.de\/event\/schnittstelle-kahlgrund-buchvorstellung-vortrag\/","name":"\"Schnittstelle Kahlgrund\" Buchvorstellung & Vortrag - heimat:hub","isPartOf":{"@id":"https:\/\/heimathub.de\/#website"},"primaryImageOfPage":{"@id":"https:\/\/heimathub.de\/event\/schnittstelle-kahlgrund-buchvorstellung-vortrag\/#primaryimage"},"image":{"@id":"https:\/\/heimathub.de\/event\/schnittstelle-kahlgrund-buchvorstellung-vortrag\/#primaryimage"},"thumbnailUrl":"https:\/\/heimathub.de\/wp-content\/uploads\/2025\/05\/4Vortrag-Lina-Schroeder-Beitragsbild.jpg","datePublished":"2025-05-02T07:53:44+00:00","dateModified":"2025-05-02T08:32:02+00:00","breadcrumb":{"@id":"https:\/\/heimathub.de\/event\/schnittstelle-kahlgrund-buchvorstellung-vortrag\/#breadcrumb"},"inLanguage":"de","potentialAction":[{"@type":"ReadAction","target":["https:\/\/heimathub.de\/event\/schnittstelle-kahlgrund-buchvorstellung-vortrag\/"]}]},{"@type":"ImageObject","inLanguage":"de","@id":"https:\/\/heimathub.de\/event\/schnittstelle-kahlgrund-buchvorstellung-vortrag\/#primaryimage","url":"https:\/\/heimathub.de\/wp-content\/uploads\/2025\/05\/4Vortrag-Lina-Schroeder-Beitragsbild.jpg","contentUrl":"https:\/\/heimathub.de\/wp-content\/uploads\/2025\/05\/4Vortrag-Lina-Schroeder-Beitragsbild.jpg","width":794,"height":795},{"@type":"BreadcrumbList","@id":"https:\/\/heimathub.de\/event\/schnittstelle-kahlgrund-buchvorstellung-vortrag\/#breadcrumb","itemListElement":[{"@type":"ListItem","position":1,"name":"Startseite","item":"https:\/\/heimathub.de\/"},{"@type":"ListItem","position":2,"name":"Veranstaltungen","item":"https:\/\/heimathub.de\/events\/"},{"@type":"ListItem","position":3,"name":"&#8222;Schnittstelle Kahlgrund&#8220; Buchvorstellung &#038; Vortrag"}]},{"@type":"WebSite","@id":"https:\/\/heimathub.de\/#website","url":"https:\/\/heimathub.de\/","name":"heimat:hub","description":"","potentialAction":[{"@type":"SearchAction","target":{"@type":"EntryPoint","urlTemplate":"https:\/\/heimathub.de\/?s={search_term_string}"},"query-input":{"@type":"PropertyValueSpecification","valueRequired":true,"valueName":"search_term_string"}}],"inLanguage":"de"}]}},"ticketed":false,"_links":{"self":[{"href":"https:\/\/heimathub.de\/data\/wp\/v2\/tribe_events\/18146","targetHints":{"allow":["GET"]}}],"collection":[{"href":"https:\/\/heimathub.de\/data\/wp\/v2\/tribe_events"}],"about":[{"href":"https:\/\/heimathub.de\/data\/wp\/v2\/types\/tribe_events"}],"author":[{"embeddable":true,"href":"https:\/\/heimathub.de\/data\/wp\/v2\/users\/21"}],"version-history":[{"count":2,"href":"https:\/\/heimathub.de\/data\/wp\/v2\/tribe_events\/18146\/revisions"}],"predecessor-version":[{"id":18156,"href":"https:\/\/heimathub.de\/data\/wp\/v2\/tribe_events\/18146\/revisions\/18156"}],"wp:featuredmedia":[{"embeddable":true,"href":"https:\/\/heimathub.de\/data\/wp\/v2\/media\/18148"}],"wp:attachment":[{"href":"https:\/\/heimathub.de\/data\/wp\/v2\/media?parent=18146"}],"wp:term":[{"taxonomy":"post_tag","embeddable":true,"href":"https:\/\/heimathub.de\/data\/wp\/v2\/tags?post=18146"},{"taxonomy":"tribe_events_cat","embeddable":true,"href":"https:\/\/heimathub.de\/data\/wp\/v2\/tribe_events_cat?post=18146"}],"curies":[{"name":"wp","href":"https:\/\/api.w.org\/{rel}","templated":true}]}}