{"id":16589,"date":"2024-11-06T11:23:25","date_gmt":"2024-11-06T10:23:25","guid":{"rendered":"https:\/\/heimathub.de\/?post_type=tribe_events&#038;p=16589"},"modified":"2024-11-06T11:24:17","modified_gmt":"2024-11-06T10:24:17","slug":"buchpraesentation-und-vortrag-alt-moembris-obrigkeitliche-wurzeln","status":"publish","type":"tribe_events","link":"https:\/\/heimathub.de\/event\/buchpraesentation-und-vortrag-alt-moembris-obrigkeitliche-wurzeln\/","title":{"rendered":"Buchpr\u00e4sentation und Vortrag, &#8222;Alt M\u00f6mbris &#8211; obrigkeitliche Wurzeln&#8220;"},"content":{"rendered":"<div>Der HGV M\u00f6mbris e.V. l\u00e4dt alle heimatgeschichtlich interessierten B\u00fcrgerinnen und B\u00fcrger, Vereinsmitglieder und Sponsoren zur Buchpr\u00e4sentation: <strong>Beitr\u00e4ge zur Geschichte der Marktgemeinde M\u00f6mbris, Heft 10 \u201eErinnerung bewegt &#8211; Alt M\u00f6mbris &#8211; obrigkeitliche Wurzeln\u201c <\/strong>herzlich ein. Ehrenmitglied und Autor Karl Gr\u00fcn wird im Rahmen eines Vortrages von den freigerichtlichen Strukturen, von herrschaftlichen und kirchlichen Abh\u00e4ngigkeiten, von Auseinandersetzungen zwischen machtbeflissenen Obrigkeiten und in weitgehender Abh\u00e4ngigkeit lebender Bev\u00f6lkerung in Friedens- und Kriegszeiten berichten. Das Hardcover Buch kann an diesem Abend zum Preis von 12 Euro erworben werden. Erh\u00e4ltlich ist es danach im Rathaus M\u00f6mbris am Empfang, bei Garten Kern (M\u00f6mbris), in der Metzgerei Lorenz (Niedersteinbach), bei Klaus Simon, Kirchwieschen 10a (Schimborn), bei Dietmar Hofmann, Vikarstr.14 (Daxberg), sowie bei der HGV Vorsitzenden Lydia Pacholik, Haagstr.23a, M\u00f6mbris-Hohl. Tel. 06029\/4569. Mail: pacholik.lydia@t-online.de<\/div>\n","protected":false},"excerpt":{"rendered":"<p>Der HGV M\u00f6mbris e.V. l\u00e4dt alle heimatgeschichtlich interessierten B\u00fcrgerinnen und B\u00fcrger, Vereinsmitglieder und Sponsoren zur Buchpr\u00e4sentation: Beitr\u00e4ge zur Geschichte der Marktgemeinde M\u00f6mbris, Heft 10 \u201eErinnerung bewegt &#8211; Alt M\u00f6mbris &#8211; [&hellip;]<\/p>\n","protected":false},"author":21,"featured_media":16590,"template":"","meta":{"_acf_changed":false,"_price":"","_stock":"","_tribe_ticket_header":"","_tribe_default_ticket_provider":"","_tribe_ticket_capacity":"0","_ticket_start_date":"","_ticket_end_date":"","_tribe_ticket_show_description":"","_tribe_ticket_show_not_going":false,"_tribe_ticket_use_global_stock":"","_tribe_ticket_global_stock_level":"","_global_stock_mode":"","_global_stock_cap":"","_tribe_rsvp_for_event":"","_tribe_ticket_going_count":"","_tribe_ticket_not_going_count":"","_tribe_tickets_list":"[]","_tribe_ticket_has_attendee_info_fields":false,"_tribe_events_status":"","_tribe_events_status_reason":"","footnotes":"","_tec_slr_enabled":"","_tec_slr_layout":""},"tags":[],"tribe_events_cat":[12],"class_list":["post-16589","tribe_events","type-tribe_events","status-publish","has-post-thumbnail","hentry","tribe_events_cat-vortrag","cat_vortrag"],"acf":[],"yoast_head":"<!-- This site is optimized with the Yoast SEO plugin v27.5 - https:\/\/yoast.com\/product\/yoast-seo-wordpress\/ -->\n<title>Buchpr\u00e4sentation und Vortrag, &quot;Alt M\u00f6mbris - obrigkeitliche Wurzeln&quot; - heimat:hub<\/title>\n<meta name=\"robots\" content=\"index, follow, max-snippet:-1, max-image-preview:large, max-video-preview:-1\" \/>\n<link rel=\"canonical\" href=\"https:\/\/heimathub.de\/event\/buchpraesentation-und-vortrag-alt-moembris-obrigkeitliche-wurzeln\/\" \/>\n<meta property=\"og:locale\" content=\"de_DE\" \/>\n<meta property=\"og:type\" content=\"article\" \/>\n<meta property=\"og:title\" content=\"Buchpr\u00e4sentation und Vortrag, &quot;Alt M\u00f6mbris - obrigkeitliche Wurzeln&quot; - heimat:hub\" \/>\n<meta property=\"og:description\" content=\"Der HGV M\u00f6mbris e.V. l\u00e4dt alle heimatgeschichtlich interessierten B\u00fcrgerinnen und B\u00fcrger, Vereinsmitglieder und Sponsoren zur Buchpr\u00e4sentation: Beitr\u00e4ge zur Geschichte der Marktgemeinde M\u00f6mbris, Heft 10 \u201eErinnerung bewegt &#8211; Alt M\u00f6mbris &#8211; [&hellip;]\" \/>\n<meta property=\"og:url\" content=\"https:\/\/heimathub.de\/event\/buchpraesentation-und-vortrag-alt-moembris-obrigkeitliche-wurzeln\/\" \/>\n<meta property=\"og:site_name\" content=\"heimat:hub\" \/>\n<meta property=\"article:modified_time\" content=\"2024-11-06T10:24:17+00:00\" \/>\n<meta property=\"og:image\" content=\"https:\/\/heimathub.de\/wp-content\/uploads\/2024\/11\/HGV-Buchpraesentation-und-Vortrag-14.11.2024-e1730888565423.jpg\" \/>\n\t<meta property=\"og:image:width\" content=\"1834\" \/>\n\t<meta property=\"og:image:height\" content=\"1834\" \/>\n\t<meta property=\"og:image:type\" content=\"image\/jpeg\" \/>\n<meta name=\"twitter:card\" content=\"summary_large_image\" \/>\n<meta name=\"twitter:label1\" content=\"Gesch\u00e4tzte Lesezeit\" \/>\n\t<meta name=\"twitter:data1\" content=\"1\u00a0Minute\" \/>\n<script type=\"application\/ld+json\" class=\"yoast-schema-graph\">{\"@context\":\"https:\\\/\\\/schema.org\",\"@graph\":[{\"@type\":\"WebPage\",\"@id\":\"https:\\\/\\\/heimathub.de\\\/event\\\/buchpraesentation-und-vortrag-alt-moembris-obrigkeitliche-wurzeln\\\/\",\"url\":\"https:\\\/\\\/heimathub.de\\\/event\\\/buchpraesentation-und-vortrag-alt-moembris-obrigkeitliche-wurzeln\\\/\",\"name\":\"Buchpr\u00e4sentation und Vortrag, \\\"Alt M\u00f6mbris - obrigkeitliche Wurzeln\\\" - heimat:hub\",\"isPartOf\":{\"@id\":\"https:\\\/\\\/heimathub.de\\\/#website\"},\"primaryImageOfPage\":{\"@id\":\"https:\\\/\\\/heimathub.de\\\/event\\\/buchpraesentation-und-vortrag-alt-moembris-obrigkeitliche-wurzeln\\\/#primaryimage\"},\"image\":{\"@id\":\"https:\\\/\\\/heimathub.de\\\/event\\\/buchpraesentation-und-vortrag-alt-moembris-obrigkeitliche-wurzeln\\\/#primaryimage\"},\"thumbnailUrl\":\"https:\\\/\\\/heimathub.de\\\/wp-content\\\/uploads\\\/2024\\\/11\\\/HGV-Buchpraesentation-und-Vortrag-14.11.2024-e1730888565423.jpg\",\"datePublished\":\"2024-11-06T10:23:25+00:00\",\"dateModified\":\"2024-11-06T10:24:17+00:00\",\"breadcrumb\":{\"@id\":\"https:\\\/\\\/heimathub.de\\\/event\\\/buchpraesentation-und-vortrag-alt-moembris-obrigkeitliche-wurzeln\\\/#breadcrumb\"},\"inLanguage\":\"de\",\"potentialAction\":[{\"@type\":\"ReadAction\",\"target\":[\"https:\\\/\\\/heimathub.de\\\/event\\\/buchpraesentation-und-vortrag-alt-moembris-obrigkeitliche-wurzeln\\\/\"]}]},{\"@type\":\"ImageObject\",\"inLanguage\":\"de\",\"@id\":\"https:\\\/\\\/heimathub.de\\\/event\\\/buchpraesentation-und-vortrag-alt-moembris-obrigkeitliche-wurzeln\\\/#primaryimage\",\"url\":\"https:\\\/\\\/heimathub.de\\\/wp-content\\\/uploads\\\/2024\\\/11\\\/HGV-Buchpraesentation-und-Vortrag-14.11.2024-e1730888565423.jpg\",\"contentUrl\":\"https:\\\/\\\/heimathub.de\\\/wp-content\\\/uploads\\\/2024\\\/11\\\/HGV-Buchpraesentation-und-Vortrag-14.11.2024-e1730888565423.jpg\",\"width\":1834,\"height\":1834},{\"@type\":\"BreadcrumbList\",\"@id\":\"https:\\\/\\\/heimathub.de\\\/event\\\/buchpraesentation-und-vortrag-alt-moembris-obrigkeitliche-wurzeln\\\/#breadcrumb\",\"itemListElement\":[{\"@type\":\"ListItem\",\"position\":1,\"name\":\"Startseite\",\"item\":\"https:\\\/\\\/heimathub.de\\\/\"},{\"@type\":\"ListItem\",\"position\":2,\"name\":\"Veranstaltungen\",\"item\":\"https:\\\/\\\/heimathub.de\\\/events\\\/\"},{\"@type\":\"ListItem\",\"position\":3,\"name\":\"Buchpr\u00e4sentation und Vortrag, &#8222;Alt M\u00f6mbris &#8211; obrigkeitliche Wurzeln&#8220;\"}]},{\"@type\":\"WebSite\",\"@id\":\"https:\\\/\\\/heimathub.de\\\/#website\",\"url\":\"https:\\\/\\\/heimathub.de\\\/\",\"name\":\"heimat:hub\",\"description\":\"\",\"potentialAction\":[{\"@type\":\"SearchAction\",\"target\":{\"@type\":\"EntryPoint\",\"urlTemplate\":\"https:\\\/\\\/heimathub.de\\\/?s={search_term_string}\"},\"query-input\":{\"@type\":\"PropertyValueSpecification\",\"valueRequired\":true,\"valueName\":\"search_term_string\"}}],\"inLanguage\":\"de\"}]}<\/script>\n<!-- \/ Yoast SEO plugin. -->","yoast_head_json":{"title":"Buchpr\u00e4sentation und Vortrag, \"Alt M\u00f6mbris - obrigkeitliche Wurzeln\" - heimat:hub","robots":{"index":"index","follow":"follow","max-snippet":"max-snippet:-1","max-image-preview":"max-image-preview:large","max-video-preview":"max-video-preview:-1"},"canonical":"https:\/\/heimathub.de\/event\/buchpraesentation-und-vortrag-alt-moembris-obrigkeitliche-wurzeln\/","og_locale":"de_DE","og_type":"article","og_title":"Buchpr\u00e4sentation und Vortrag, \"Alt M\u00f6mbris - obrigkeitliche Wurzeln\" - heimat:hub","og_description":"Der HGV M\u00f6mbris e.V. l\u00e4dt alle heimatgeschichtlich interessierten B\u00fcrgerinnen und B\u00fcrger, Vereinsmitglieder und Sponsoren zur Buchpr\u00e4sentation: Beitr\u00e4ge zur Geschichte der Marktgemeinde M\u00f6mbris, Heft 10 \u201eErinnerung bewegt &#8211; Alt M\u00f6mbris &#8211; [&hellip;]","og_url":"https:\/\/heimathub.de\/event\/buchpraesentation-und-vortrag-alt-moembris-obrigkeitliche-wurzeln\/","og_site_name":"heimat:hub","article_modified_time":"2024-11-06T10:24:17+00:00","og_image":[{"width":1834,"height":1834,"url":"https:\/\/heimathub.de\/wp-content\/uploads\/2024\/11\/HGV-Buchpraesentation-und-Vortrag-14.11.2024-e1730888565423.jpg","type":"image\/jpeg"}],"twitter_card":"summary_large_image","twitter_misc":{"Gesch\u00e4tzte Lesezeit":"1\u00a0Minute"},"schema":{"@context":"https:\/\/schema.org","@graph":[{"@type":"WebPage","@id":"https:\/\/heimathub.de\/event\/buchpraesentation-und-vortrag-alt-moembris-obrigkeitliche-wurzeln\/","url":"https:\/\/heimathub.de\/event\/buchpraesentation-und-vortrag-alt-moembris-obrigkeitliche-wurzeln\/","name":"Buchpr\u00e4sentation und Vortrag, \"Alt M\u00f6mbris - obrigkeitliche Wurzeln\" - heimat:hub","isPartOf":{"@id":"https:\/\/heimathub.de\/#website"},"primaryImageOfPage":{"@id":"https:\/\/heimathub.de\/event\/buchpraesentation-und-vortrag-alt-moembris-obrigkeitliche-wurzeln\/#primaryimage"},"image":{"@id":"https:\/\/heimathub.de\/event\/buchpraesentation-und-vortrag-alt-moembris-obrigkeitliche-wurzeln\/#primaryimage"},"thumbnailUrl":"https:\/\/heimathub.de\/wp-content\/uploads\/2024\/11\/HGV-Buchpraesentation-und-Vortrag-14.11.2024-e1730888565423.jpg","datePublished":"2024-11-06T10:23:25+00:00","dateModified":"2024-11-06T10:24:17+00:00","breadcrumb":{"@id":"https:\/\/heimathub.de\/event\/buchpraesentation-und-vortrag-alt-moembris-obrigkeitliche-wurzeln\/#breadcrumb"},"inLanguage":"de","potentialAction":[{"@type":"ReadAction","target":["https:\/\/heimathub.de\/event\/buchpraesentation-und-vortrag-alt-moembris-obrigkeitliche-wurzeln\/"]}]},{"@type":"ImageObject","inLanguage":"de","@id":"https:\/\/heimathub.de\/event\/buchpraesentation-und-vortrag-alt-moembris-obrigkeitliche-wurzeln\/#primaryimage","url":"https:\/\/heimathub.de\/wp-content\/uploads\/2024\/11\/HGV-Buchpraesentation-und-Vortrag-14.11.2024-e1730888565423.jpg","contentUrl":"https:\/\/heimathub.de\/wp-content\/uploads\/2024\/11\/HGV-Buchpraesentation-und-Vortrag-14.11.2024-e1730888565423.jpg","width":1834,"height":1834},{"@type":"BreadcrumbList","@id":"https:\/\/heimathub.de\/event\/buchpraesentation-und-vortrag-alt-moembris-obrigkeitliche-wurzeln\/#breadcrumb","itemListElement":[{"@type":"ListItem","position":1,"name":"Startseite","item":"https:\/\/heimathub.de\/"},{"@type":"ListItem","position":2,"name":"Veranstaltungen","item":"https:\/\/heimathub.de\/events\/"},{"@type":"ListItem","position":3,"name":"Buchpr\u00e4sentation und Vortrag, &#8222;Alt M\u00f6mbris &#8211; obrigkeitliche Wurzeln&#8220;"}]},{"@type":"WebSite","@id":"https:\/\/heimathub.de\/#website","url":"https:\/\/heimathub.de\/","name":"heimat:hub","description":"","potentialAction":[{"@type":"SearchAction","target":{"@type":"EntryPoint","urlTemplate":"https:\/\/heimathub.de\/?s={search_term_string}"},"query-input":{"@type":"PropertyValueSpecification","valueRequired":true,"valueName":"search_term_string"}}],"inLanguage":"de"}]}},"ticketed":false,"_links":{"self":[{"href":"https:\/\/heimathub.de\/data\/wp\/v2\/tribe_events\/16589","targetHints":{"allow":["GET"]}}],"collection":[{"href":"https:\/\/heimathub.de\/data\/wp\/v2\/tribe_events"}],"about":[{"href":"https:\/\/heimathub.de\/data\/wp\/v2\/types\/tribe_events"}],"author":[{"embeddable":true,"href":"https:\/\/heimathub.de\/data\/wp\/v2\/users\/21"}],"version-history":[{"count":1,"href":"https:\/\/heimathub.de\/data\/wp\/v2\/tribe_events\/16589\/revisions"}],"predecessor-version":[{"id":16591,"href":"https:\/\/heimathub.de\/data\/wp\/v2\/tribe_events\/16589\/revisions\/16591"}],"wp:featuredmedia":[{"embeddable":true,"href":"https:\/\/heimathub.de\/data\/wp\/v2\/media\/16590"}],"wp:attachment":[{"href":"https:\/\/heimathub.de\/data\/wp\/v2\/media?parent=16589"}],"wp:term":[{"taxonomy":"post_tag","embeddable":true,"href":"https:\/\/heimathub.de\/data\/wp\/v2\/tags?post=16589"},{"taxonomy":"tribe_events_cat","embeddable":true,"href":"https:\/\/heimathub.de\/data\/wp\/v2\/tribe_events_cat?post=16589"}],"curies":[{"name":"wp","href":"https:\/\/api.w.org\/{rel}","templated":true}]}}