{"id":12675,"date":"2024-03-05T15:42:17","date_gmt":"2024-03-05T14:42:17","guid":{"rendered":"https:\/\/heimathub.de\/?post_type=tribe_events&#038;p=12675"},"modified":"2024-03-05T15:42:17","modified_gmt":"2024-03-05T14:42:17","slug":"tagung-antisemitismus","status":"publish","type":"tribe_events","link":"https:\/\/heimathub.de\/event\/tagung-antisemitismus\/","title":{"rendered":"Tagung \u201eAntisemitismus\u201c"},"content":{"rendered":"<p><strong>Der F\u00f6rderkreis \u201cHaus Wolfsthalplatz\u201c l\u00e4dt zur wissenschaftlichen Tagung ein zum Thema:<\/strong><\/p>\n<h3>\u201eAntisemitismus\u201c<\/h3>\n<p>Massaker und Krieg in Nahost, antisemitische Ausstellungsst\u00fccke der documenta im Sommer 22 und die Reaktionen nicht zuletzt in den Schulen fordern erneut dazu auf, \u00fcber das Ph\u00e4nomen \u201eAntisemitismus\u201c nachzudenken.<\/p>\n<p><strong>Anmeldung:<\/strong><\/p>\n<p>Bayer. Lehrerinnen und Lehrer \u00fcber FIBS Nr: 35109, alle anderen \u00fcber F\u00f6rderkreiskontakt pechtl@foerderkreis-wolfsthalplatz.de<\/p>\n<p><strong>Tagungs\u00fcbersicht:<\/strong><\/p>\n<p>9.00 Uhr: Begr\u00fc\u00dfung und Themeneinf\u00fchrung (Dr. Josef Pechtl, Vorsitzender F\u00f6rderkreis Haus Wolfsthalplatz)<\/p>\n<p>9.15-10.00 Uhr: \u201eSaug du die milch fris du den treck \u2013 Antisemitismus in der Kunst\u201c (Ramin Shafai, Aschaffenburg)<\/p>\n<p>10.00 Uhr \u2013 10.45 Uhr: Muslimischer Antisemitismus \u2013 ein blinder Flecken in der Wissenschaft? (Thomas Thiel, FAZ)<\/p>\n<p>Pause<\/p>\n<p>11.15 \u2013 12.00 Uhr: Antisemitismus \u2013 Herausforderung f\u00fcr die Migrationsgesellschaft (Tom Kahled W\u00fcrdemann, Heidelberg)<br \/>\nMittagspause<\/p>\n<p>13.15 \u2013 14.00 Uhr: Der Feind meines Feindes ist mein Feind. Historische und aktuelle Verbindungen von Antisemitismus und Misogynie. (Prof. Dr. Tina Hartmann, Bayreuth)<\/p>\n<p>14.00 \u2013 15.00: Schlussrunde in Form eines Podiumsgespr\u00e4chs\/ Diskussionsrunde<\/p>\n<p><strong>Referenten:<\/strong><\/p>\n<p>Tom Kahled W\u00fcrdemann ist wissenschaftlicher Mitarbeiter an der Universit\u00e4t Heidelberg. Er schreibt seine Dissertation \u00fcber die pal\u00e4stinensische Nationalbewegung und ist seit f\u00fcnf Jahren p\u00e4dagogisch gegen Rassismus und Antisemitismus t\u00e4tig, insbesondere im Kontext der muslimischen Gemeinde.<\/p>\n<p>Thomas Thiel studierte Germanistik, Geschichte und Kulturwissenschaft an der Universit\u00e4t Heidelberg, der Sciences Po de Paris und der Humboldt-Universit\u00e4t zu Berlin. Seit 2008 ist er Feuilletonredakteur bei der Frankfurter Allgemeinen Zeitung. Dort verantwortet er das Ressort Forschung und Lehre.<\/p>\n<p>Prof. Tina Hartmannn, Literaturwissenschaftlerin, Professorin an der Universit\u00e4t Bayreuth. Sie arbeitet u.a. zu Oper und Libretto, Literatur der Aufkl\u00e4rung und des Idealismus, Gender- und Diversit\u00e4t in der Literatur und rechten R\u00e4umen in Literatur und Architektur. Zu ihren Publikationen z\u00e4hlen das Standardwerk &#8218;Goethes Musiktheater&#8216; (T\u00fcbingen 2004) und &#8218;Grundlegung einer Librettologie&#8216; (Berlin, Boston 2017). Sie ist auch als Librettistin t\u00e4tig, dar\u00fcber hinaus schreibt sie regelm\u00e4\u00dfig u.a. f\u00fcr die FAZ, die taz und die FR. Aktuelle Publikationsprojekte befassen sich mit einer Geschichte der nonbin\u00e4ren Aufkl\u00e4rung.<\/p>\n<p>Ramin Shafiai, studierte Philosophie und Kunstgeschichte an der Universit\u00e4t W\u00fcrzburg. Neben einem Lehrauftrag am Institut f\u00fcr Kunstgeschichte dort arbeitet er als Ethiklehrer an der Berufsschule 2 in Aschaffenburg. Zwei Forschungsschwerpunkte unter anderen: Kriegsphilosophie und Kunst sowie Malerinnen der Romantik.<\/p>\n<p><strong>Anreise:<\/strong><\/p>\n<p>Der Veranstaltungsort \u201cBachsaal\u201d der Evangelischen Christuskirchengemeinde liegt in der Altstadt und ist ohne Probleme in wenigen Gehminuten oder mit Bus vom Bahnhof aus (Ausstieg \u201eStadthalle\u201c) zu erreichen. \u2013 In der N\u00e4he bietet u.a. das Parkhaus \u201cStadthalle\u201d Abstellm\u00f6glichkeit f\u00fcr das Auto.<\/p>\n<p><strong>Verantwortlich:<\/strong><\/p>\n<p>Dr. Josef Pechtl, Vorsitzender, Hettingerstr. 23 63739 Aschaffenburg 0049-(0)6021-4511677<\/p>\n","protected":false},"excerpt":{"rendered":"<p>Der F\u00f6rderkreis \u201cHaus Wolfsthalplatz\u201c l\u00e4dt zur wissenschaftlichen Tagung ein zum Thema: \u201eAntisemitismus\u201c Massaker und Krieg in Nahost, antisemitische Ausstellungsst\u00fccke der documenta im Sommer 22 und die Reaktionen nicht zuletzt in [&hellip;]<\/p>\n","protected":false},"author":22,"featured_media":12686,"template":"","meta":{"_acf_changed":false,"_price":"","_stock":"","_tribe_ticket_header":"","_tribe_default_ticket_provider":"","_tribe_ticket_capacity":"0","_ticket_start_date":"","_ticket_end_date":"","_tribe_ticket_show_description":"","_tribe_ticket_show_not_going":false,"_tribe_ticket_use_global_stock":"","_tribe_ticket_global_stock_level":"","_global_stock_mode":"","_global_stock_cap":"","_tribe_rsvp_for_event":"","_tribe_ticket_going_count":"","_tribe_ticket_not_going_count":"","_tribe_tickets_list":"[]","_tribe_ticket_has_attendee_info_fields":false,"_tribe_events_status":"","_tribe_events_status_reason":"","footnotes":"","_tec_slr_enabled":"","_tec_slr_layout":""},"tags":[844,845,846,86,210,842,843],"tribe_events_cat":[259],"class_list":["post-12675","tribe_events","type-tribe_events","status-publish","has-post-thumbnail","hentry","tag-judenfeindlichkeit","tag-wissenschaft","tag-forschung","tag-aschaffenburg","tag-juden","tag-judentum","tag-antisemitismus","tribe_events_cat-tagung","cat_tagung"],"acf":[],"yoast_head":"<!-- This site is optimized with the Yoast SEO plugin v27.4 - https:\/\/yoast.com\/product\/yoast-seo-wordpress\/ -->\n<title>Tagung \u201eAntisemitismus\u201c - heimat:hub<\/title>\n<meta name=\"robots\" content=\"index, follow, max-snippet:-1, max-image-preview:large, max-video-preview:-1\" \/>\n<link rel=\"canonical\" href=\"https:\/\/heimathub.de\/event\/tagung-antisemitismus\/\" \/>\n<meta property=\"og:locale\" content=\"de_DE\" \/>\n<meta property=\"og:type\" content=\"article\" \/>\n<meta property=\"og:title\" content=\"Tagung \u201eAntisemitismus\u201c - heimat:hub\" \/>\n<meta property=\"og:description\" content=\"Der F\u00f6rderkreis \u201cHaus Wolfsthalplatz\u201c l\u00e4dt zur wissenschaftlichen Tagung ein zum Thema: \u201eAntisemitismus\u201c Massaker und Krieg in Nahost, antisemitische Ausstellungsst\u00fccke der documenta im Sommer 22 und die Reaktionen nicht zuletzt in [&hellip;]\" \/>\n<meta property=\"og:url\" content=\"https:\/\/heimathub.de\/event\/tagung-antisemitismus\/\" \/>\n<meta property=\"og:site_name\" content=\"heimat:hub\" \/>\n<meta property=\"og:image\" content=\"https:\/\/heimathub.de\/wp-content\/uploads\/2024\/03\/haus-wolfsthalplatz-aschaffenburg.jpg\" \/>\n\t<meta property=\"og:image:width\" content=\"1200\" \/>\n\t<meta property=\"og:image:height\" content=\"800\" \/>\n\t<meta property=\"og:image:type\" content=\"image\/jpeg\" \/>\n<meta name=\"twitter:card\" content=\"summary_large_image\" \/>\n<meta name=\"twitter:label1\" content=\"Gesch\u00e4tzte Lesezeit\" \/>\n\t<meta name=\"twitter:data1\" content=\"3\u00a0Minuten\" \/>\n<script type=\"application\/ld+json\" class=\"yoast-schema-graph\">{\"@context\":\"https:\\\/\\\/schema.org\",\"@graph\":[{\"@type\":\"WebPage\",\"@id\":\"https:\\\/\\\/heimathub.de\\\/event\\\/tagung-antisemitismus\\\/\",\"url\":\"https:\\\/\\\/heimathub.de\\\/event\\\/tagung-antisemitismus\\\/\",\"name\":\"Tagung \u201eAntisemitismus\u201c - heimat:hub\",\"isPartOf\":{\"@id\":\"https:\\\/\\\/heimathub.de\\\/#website\"},\"primaryImageOfPage\":{\"@id\":\"https:\\\/\\\/heimathub.de\\\/event\\\/tagung-antisemitismus\\\/#primaryimage\"},\"image\":{\"@id\":\"https:\\\/\\\/heimathub.de\\\/event\\\/tagung-antisemitismus\\\/#primaryimage\"},\"thumbnailUrl\":\"https:\\\/\\\/heimathub.de\\\/wp-content\\\/uploads\\\/2024\\\/03\\\/haus-wolfsthalplatz-aschaffenburg.jpg\",\"datePublished\":\"2024-03-05T14:42:17+00:00\",\"breadcrumb\":{\"@id\":\"https:\\\/\\\/heimathub.de\\\/event\\\/tagung-antisemitismus\\\/#breadcrumb\"},\"inLanguage\":\"de\",\"potentialAction\":[{\"@type\":\"ReadAction\",\"target\":[\"https:\\\/\\\/heimathub.de\\\/event\\\/tagung-antisemitismus\\\/\"]}]},{\"@type\":\"ImageObject\",\"inLanguage\":\"de\",\"@id\":\"https:\\\/\\\/heimathub.de\\\/event\\\/tagung-antisemitismus\\\/#primaryimage\",\"url\":\"https:\\\/\\\/heimathub.de\\\/wp-content\\\/uploads\\\/2024\\\/03\\\/haus-wolfsthalplatz-aschaffenburg.jpg\",\"contentUrl\":\"https:\\\/\\\/heimathub.de\\\/wp-content\\\/uploads\\\/2024\\\/03\\\/haus-wolfsthalplatz-aschaffenburg.jpg\",\"width\":1200,\"height\":800,\"caption\":\"F\u00f6rderkreis Wolfsthalplatz\"},{\"@type\":\"BreadcrumbList\",\"@id\":\"https:\\\/\\\/heimathub.de\\\/event\\\/tagung-antisemitismus\\\/#breadcrumb\",\"itemListElement\":[{\"@type\":\"ListItem\",\"position\":1,\"name\":\"Startseite\",\"item\":\"https:\\\/\\\/heimathub.de\\\/\"},{\"@type\":\"ListItem\",\"position\":2,\"name\":\"Veranstaltungen\",\"item\":\"https:\\\/\\\/heimathub.de\\\/events\\\/\"},{\"@type\":\"ListItem\",\"position\":3,\"name\":\"Tagung \u201eAntisemitismus\u201c\"}]},{\"@type\":\"WebSite\",\"@id\":\"https:\\\/\\\/heimathub.de\\\/#website\",\"url\":\"https:\\\/\\\/heimathub.de\\\/\",\"name\":\"heimat:hub\",\"description\":\"\",\"potentialAction\":[{\"@type\":\"SearchAction\",\"target\":{\"@type\":\"EntryPoint\",\"urlTemplate\":\"https:\\\/\\\/heimathub.de\\\/?s={search_term_string}\"},\"query-input\":{\"@type\":\"PropertyValueSpecification\",\"valueRequired\":true,\"valueName\":\"search_term_string\"}}],\"inLanguage\":\"de\"}]}<\/script>\n<!-- \/ Yoast SEO plugin. -->","yoast_head_json":{"title":"Tagung \u201eAntisemitismus\u201c - heimat:hub","robots":{"index":"index","follow":"follow","max-snippet":"max-snippet:-1","max-image-preview":"max-image-preview:large","max-video-preview":"max-video-preview:-1"},"canonical":"https:\/\/heimathub.de\/event\/tagung-antisemitismus\/","og_locale":"de_DE","og_type":"article","og_title":"Tagung \u201eAntisemitismus\u201c - heimat:hub","og_description":"Der F\u00f6rderkreis \u201cHaus Wolfsthalplatz\u201c l\u00e4dt zur wissenschaftlichen Tagung ein zum Thema: \u201eAntisemitismus\u201c Massaker und Krieg in Nahost, antisemitische Ausstellungsst\u00fccke der documenta im Sommer 22 und die Reaktionen nicht zuletzt in [&hellip;]","og_url":"https:\/\/heimathub.de\/event\/tagung-antisemitismus\/","og_site_name":"heimat:hub","og_image":[{"width":1200,"height":800,"url":"https:\/\/heimathub.de\/wp-content\/uploads\/2024\/03\/haus-wolfsthalplatz-aschaffenburg.jpg","type":"image\/jpeg"}],"twitter_card":"summary_large_image","twitter_misc":{"Gesch\u00e4tzte Lesezeit":"3\u00a0Minuten"},"schema":{"@context":"https:\/\/schema.org","@graph":[{"@type":"WebPage","@id":"https:\/\/heimathub.de\/event\/tagung-antisemitismus\/","url":"https:\/\/heimathub.de\/event\/tagung-antisemitismus\/","name":"Tagung \u201eAntisemitismus\u201c - heimat:hub","isPartOf":{"@id":"https:\/\/heimathub.de\/#website"},"primaryImageOfPage":{"@id":"https:\/\/heimathub.de\/event\/tagung-antisemitismus\/#primaryimage"},"image":{"@id":"https:\/\/heimathub.de\/event\/tagung-antisemitismus\/#primaryimage"},"thumbnailUrl":"https:\/\/heimathub.de\/wp-content\/uploads\/2024\/03\/haus-wolfsthalplatz-aschaffenburg.jpg","datePublished":"2024-03-05T14:42:17+00:00","breadcrumb":{"@id":"https:\/\/heimathub.de\/event\/tagung-antisemitismus\/#breadcrumb"},"inLanguage":"de","potentialAction":[{"@type":"ReadAction","target":["https:\/\/heimathub.de\/event\/tagung-antisemitismus\/"]}]},{"@type":"ImageObject","inLanguage":"de","@id":"https:\/\/heimathub.de\/event\/tagung-antisemitismus\/#primaryimage","url":"https:\/\/heimathub.de\/wp-content\/uploads\/2024\/03\/haus-wolfsthalplatz-aschaffenburg.jpg","contentUrl":"https:\/\/heimathub.de\/wp-content\/uploads\/2024\/03\/haus-wolfsthalplatz-aschaffenburg.jpg","width":1200,"height":800,"caption":"F\u00f6rderkreis Wolfsthalplatz"},{"@type":"BreadcrumbList","@id":"https:\/\/heimathub.de\/event\/tagung-antisemitismus\/#breadcrumb","itemListElement":[{"@type":"ListItem","position":1,"name":"Startseite","item":"https:\/\/heimathub.de\/"},{"@type":"ListItem","position":2,"name":"Veranstaltungen","item":"https:\/\/heimathub.de\/events\/"},{"@type":"ListItem","position":3,"name":"Tagung \u201eAntisemitismus\u201c"}]},{"@type":"WebSite","@id":"https:\/\/heimathub.de\/#website","url":"https:\/\/heimathub.de\/","name":"heimat:hub","description":"","potentialAction":[{"@type":"SearchAction","target":{"@type":"EntryPoint","urlTemplate":"https:\/\/heimathub.de\/?s={search_term_string}"},"query-input":{"@type":"PropertyValueSpecification","valueRequired":true,"valueName":"search_term_string"}}],"inLanguage":"de"}]}},"ticketed":false,"_links":{"self":[{"href":"https:\/\/heimathub.de\/data\/wp\/v2\/tribe_events\/12675","targetHints":{"allow":["GET"]}}],"collection":[{"href":"https:\/\/heimathub.de\/data\/wp\/v2\/tribe_events"}],"about":[{"href":"https:\/\/heimathub.de\/data\/wp\/v2\/types\/tribe_events"}],"author":[{"embeddable":true,"href":"https:\/\/heimathub.de\/data\/wp\/v2\/users\/22"}],"version-history":[{"count":1,"href":"https:\/\/heimathub.de\/data\/wp\/v2\/tribe_events\/12675\/revisions"}],"predecessor-version":[{"id":12680,"href":"https:\/\/heimathub.de\/data\/wp\/v2\/tribe_events\/12675\/revisions\/12680"}],"wp:featuredmedia":[{"embeddable":true,"href":"https:\/\/heimathub.de\/data\/wp\/v2\/media\/12686"}],"wp:attachment":[{"href":"https:\/\/heimathub.de\/data\/wp\/v2\/media?parent=12675"}],"wp:term":[{"taxonomy":"post_tag","embeddable":true,"href":"https:\/\/heimathub.de\/data\/wp\/v2\/tags?post=12675"},{"taxonomy":"tribe_events_cat","embeddable":true,"href":"https:\/\/heimathub.de\/data\/wp\/v2\/tribe_events_cat?post=12675"}],"curies":[{"name":"wp","href":"https:\/\/api.w.org\/{rel}","templated":true}]}}